{"id":607,"date":"2019-12-16T12:39:01","date_gmt":"2019-12-16T12:39:01","guid":{"rendered":"http:\/\/jobs.alltagsentlastung24.de\/job\/?page_id=607"},"modified":"2020-01-24T13:06:00","modified_gmt":"2020-01-24T13:06:00","slug":"datenschutz","status":"publish","type":"page","link":"http:\/\/jobs.alltagsentlastung24.de\/job\/datenschutz\/","title":{"rendered":"Datenschutz"},"content":{"rendered":"\t\t<div data-elementor-type=\"wp-page\" data-elementor-id=\"607\" class=\"elementor elementor-607\" data-elementor-settings=\"[]\">\n\t\t\t\t\t\t<div class=\"elementor-inner\">\n\t\t\t\t\t\t\t<div class=\"elementor-section-wrap\">\n\t\t\t\t\t\t\t<section class=\"elementor-section elementor-top-section elementor-element elementor-element-178cb476 elementor-section-height-min-height elementor-section-boxed elementor-section-height-default elementor-section-items-middle\" data-id=\"178cb476\" data-element_type=\"section\" data-settings=\"{&quot;background_background&quot;:&quot;gradient&quot;,&quot;shape_divider_bottom&quot;:&quot;waves&quot;}\">\n\t\t\t\t\t\t\t<div class=\"elementor-background-overlay\"><\/div>\n\t\t\t\t\t\t<div class=\"elementor-shape elementor-shape-bottom\" data-negative=\"false\">\n\t\t\t<svg xmlns=\"http:\/\/www.w3.org\/2000\/svg\" viewBox=\"0 0 1000 100\" preserveAspectRatio=\"none\">\n\t<path class=\"elementor-shape-fill\" d=\"M421.9,6.5c22.6-2.5,51.5,0.4,75.5,5.3c23.6,4.9,70.9,23.5,100.5,35.7c75.8,32.2,133.7,44.5,192.6,49.7\n\tc23.6,2.1,48.7,3.5,103.4-2.5c54.7-6,106.2-25.6,106.2-25.6V0H0v30.3c0,0,72,32.6,158.4,30.5c39.2-0.7,92.8-6.7,134-22.4\n\tc21.2-8.1,52.2-18.2,79.7-24.2C399.3,7.9,411.6,7.5,421.9,6.5z\"\/>\n<\/svg>\t\t<\/div>\n\t\t\t\t\t<div class=\"elementor-container elementor-column-gap-default\">\n\t\t\t\t\t\t\t<div class=\"elementor-row\">\n\t\t\t\t\t<div class=\"elementor-column elementor-col-100 elementor-top-column elementor-element elementor-element-4aa929ba\" data-id=\"4aa929ba\" data-element_type=\"column\">\n\t\t\t<div class=\"elementor-column-wrap elementor-element-populated\">\n\t\t\t\t\t\t\t<div class=\"elementor-widget-wrap\">\n\t\t\t\t\t\t<div class=\"elementor-element elementor-element-71686cc3 elementor-widget elementor-widget-heading\" data-id=\"71686cc3\" data-element_type=\"widget\" data-widget_type=\"heading.default\">\n\t\t\t\t<div class=\"elementor-widget-container\">\n\t\t\t<h2 class=\"elementor-heading-title elementor-size-default\">Datenschutzerkl\u00e4rung<\/h2>\t\t<\/div>\n\t\t\t\t<\/div>\n\t\t\t\t\t\t<\/div>\n\t\t\t\t\t<\/div>\n\t\t<\/div>\n\t\t\t\t\t\t\t\t<\/div>\n\t\t\t\t\t<\/div>\n\t\t<\/section>\n\t\t\t\t<section class=\"elementor-section elementor-top-section elementor-element elementor-element-49dbe038 elementor-section-height-min-height elementor-reverse-tablet elementor-section-boxed elementor-section-height-default elementor-section-items-middle\" data-id=\"49dbe038\" data-element_type=\"section\" data-settings=\"{&quot;background_background&quot;:&quot;classic&quot;}\">\n\t\t\t\t\t\t\t<div class=\"elementor-background-overlay\"><\/div>\n\t\t\t\t\t\t\t<div class=\"elementor-container elementor-column-gap-default\">\n\t\t\t\t\t\t\t<div class=\"elementor-row\">\n\t\t\t\t\t<div class=\"elementor-column elementor-col-100 elementor-top-column elementor-element elementor-element-1bbe2bda\" data-id=\"1bbe2bda\" data-element_type=\"column\">\n\t\t\t<div class=\"elementor-column-wrap elementor-element-populated\">\n\t\t\t\t\t\t\t<div class=\"elementor-widget-wrap\">\n\t\t\t\t\t\t<div class=\"elementor-element elementor-element-34629f6 elementor-widget elementor-widget-text-editor\" data-id=\"34629f6\" data-element_type=\"widget\" data-widget_type=\"text-editor.default\">\n\t\t\t\t<div class=\"elementor-widget-container\">\n\t\t\t\t\t\t\t\t<div class=\"elementor-text-editor elementor-clearfix\">\n\t\t\t\t<p><strong style=\"color: inherit; font-family: inherit; font-size: 2rem;\">Herzlich Willkommen!\u00a0<\/strong><\/p><div><p>Wir freuen uns, dass Sie unsere Website besuchen und bedanken uns f\u00fcr Ihr Interesse an unserem Unternehmen. Es ist uns sehr wichtig, verantwortungsvoll mit Ihren pers\u00f6nlichen Daten umzugehen. Die Beachtung der Datenschutzbestimmungen bei der Verwendung Ihrer personenbezogenen Daten ist f\u00fcr uns daher eine Selbstverst\u00e4ndlichkeit. Wir wollen, dass Ihr Besuch auf unserer Website sicher ist und Sie sich wohl f\u00fchlen.<\/p><p>Die Verarbeitung personenbezogener Daten, beispielsweise des Namens, der Anschrift, E- Mailadresse oder Telefonnummer einer betroffenen Person, erfolgt stets im Einklang mit der Datenschutz-Grundverordnung und in \u00dcbereinstimmung mit den geltenden landesspezifischen Datenschutzbestimmungen. Mittels dieser Datenschutzerkl\u00e4rung m\u00f6chte unser Unternehmen die \u00d6ffentlichkeit \u00fcber Art, Umfang und Zweck, der von uns erhobenen, genutzten und verarbeiteten personenbezogenen Daten informieren. Ferner werden betroffene Personen mittels dieser Datenschutzerkl\u00e4rung \u00fcber die ihnen zustehenden Rechte aufgekl\u00e4rt.<\/p><p>Wir haben als Verantwortlicher zahlreiche technische und organisatorische Ma\u00dfnahmen umgesetzt, um einen m\u00f6glichst l\u00fcckenlosen Schutz der \u00fcber diese Internetseite verarbeiteten personenbezogenen Daten sicherzustellen. Dennoch k\u00f6nnen internetbasierte Daten\u00fcbertragungen grunds\u00e4tzlich Sicherheitsl\u00fccken aufweisen, sodass ein absoluter Schutz nicht gew\u00e4hrleistet werden kann. Aus diesem Grund steht es jeder betroffenen Person frei, personenbezogene Daten auch auf alternativen Wegen, beispielsweise telefonisch, an uns zu \u00fcbermitteln.<\/p><h3>1.\u00a0\u00a0\u00a0 Name und Anschrift des f\u00fcr die Verarbeitung Verantwortlichen<\/h3><p>Verantwortlicher im Sinne der Datenschutz-Grundverordnung, sonstiger in den Mitgliedstaaten der Europ\u00e4ischen Union geltenden Datenschutzgesetze und anderer Bestimmungen mit datenschutzrechtlichem Charakter ist die:<\/p><p>Alltagsentlastung24 GmbH<br \/>D\u00fcsseldorfer Str. 24,<br \/>51379 Leverkusen<br \/>Tel. +49 2171 3779 940<br \/><a href=\"mailto:info@alltagsentlastung24.de\">info@alltagsentlastung24.de<\/a><\/p><h3>2.\u00a0\u00a0\u00a0 Cookies<\/h3><p>Unsere Internetseiten verwenden Cookies. Cookies sind Textdateien, welche \u00fcber einen Internetbrowser auf einem Computersystem abgelegt und gespeichert werden. Eine ausf\u00fchrliche Erkl\u00e4rung der gesetzten Cookies auf unserer Website finden Sie hier:\u00a0<a style=\"background-color: #ffffff; font-size: 1rem;\" href=\"http:\/\/jobs.alltagsentlastung24.de\/job\/cookie-richtlinie-eu\/\">http:\/\/jobs.alltagsentlastung24.de\/job\/cookie-richtlinie-eu\/<\/a><\/p><p>Zahlreiche Internetseiten und Server verwenden Cookies. Viele Cookies enthalten eine sogenannte Cookie-ID. Eine Cookie-ID ist eine eindeutige Kennung des Cookies. Sie besteht aus einer Zeichenfolge, durch welche Internetseiten und Server dem konkreten Internetbrowser zugeordnet werden k\u00f6nnen, in dem das Cookie gespeichert wurde. Dies erm\u00f6glicht es den besuchten Internetseiten und Servern, den individuellen Browser der betroffenen Person von anderen Internetbrowsern, die andere Cookies enthalten, zu unterscheiden. Ein bestimmter Internetbrowser kann \u00fcber die eindeutige Cookie-ID wiedererkannt und identifiziert werden.<\/p><p>Durch den Einsatz von Cookies k\u00f6nnen wir den Nutzern dieser Internetseite nutzerfreundlichere Services bereitstellen, die ohne die Cookie-Setzung nicht m\u00f6glich w\u00e4ren.<\/p><p>Mittels eines Cookies k\u00f6nnen die Informationen und Angebote auf unserer Internetseite im Sinne des Benutzers optimiert werden. Cookies erm\u00f6glichen uns, wie bereits erw\u00e4hnt, die Benutzer unserer Internetseite wiederzuerkennen. Zweck dieser Wiedererkennung ist es, den Nutzern die Verwendung unserer Internetseite zu erleichtern. Der Benutzer einer Internetseite, die Cookies verwendet, muss beispielsweise nicht bei jedem Besuch der Internetseite erneut seine Zugangsdaten eingeben, weil dies von der Internetseite und dem auf dem Computersystem des Benutzers abgelegten Cookie \u00fcbernommen wird. Ein weiteres Beispiel ist das Cookie eines Warenkorbes im Online-Shop. Der Online-Shop merkt sich die Artikel, die ein Kunde in den virtuellen Warenkorb gelegt hat, \u00fcber ein Cookie.<\/p><p>Die betroffene Person kann die Setzung von Cookies durch unsere Internetseite jederzeit mittels einer entsprechenden Einstellung des genutzten Internetbrowsers verhindern und damit der Setzung von Cookies dauerhaft widersprechen. Ferner k\u00f6nnen bereits gesetzte Cookies jederzeit \u00fcber einen Internetbrowser oder andere Softwareprogramme gel\u00f6scht werden. Dies ist in allen g\u00e4ngigen Internetbrowsern m\u00f6glich. Deaktiviert die betroffene Person die Setzung von Cookies in dem genutzten Internetbrowser, sind unter Umst\u00e4nden nicht alle Funktionen unserer Internetseite vollumf\u00e4nglich nutzbar.<\/p><h3>3.\u00a0\u00a0\u00a0 Erfassung von allgemeinen Daten und Informationen<\/h3><p>Unsere Internetseite erfasst mit jedem Aufruf der Internetseite durch eine betroffene Person oder ein automatisiertes System eine Reihe von allgemeinen Daten und Informationen. Diese allgemeinen Daten und Informationen werden in den Logfiles des Servers gespeichert. Erfasst werden k\u00f6nnen die (1) verwendeten Browsertypen und Versionen, (2) das vom zugreifenden System verwendete Betriebssystem, (3) die<\/p><p>Internetseite, von welcher ein zugreifendes System auf unsere Internetseite gelangt (sogenannte Referrer), (4) die Unterwebseiten, welche \u00fcber ein zugreifendes System auf unserer Internetseite angesteuert werden, (5) das Datum und die Uhrzeit eines Zugriffs auf die Internetseite, (6) eine Internet-Protokoll-Adresse (IP-Adresse), (7) der Internet-Service- Provider des zugreifenden Systems und (8) sonstige \u00e4hnliche Daten und Informationen, die der Gefahrenabwehr im Falle von Angriffen auf unsere informationstechnologischen Systeme dienen.<\/p><p>Bei der Nutzung dieser allgemeinen Daten und Informationen ziehen wir keine R\u00fcckschl\u00fcsse auf die betroffene Person. Diese Informationen werden vielmehr ben\u00f6tigt, um (1) die Inhalte unserer Internetseite korrekt auszuliefern, (2) die Inhalte unserer Internetseite sowie die Werbung f\u00fcr diese zu optimieren, (3) die dauerhafte Funktionsf\u00e4higkeit unserer informationstechnologischen Systeme und der Technik unserer Internetseite zu gew\u00e4hrleisten sowie (4) um Strafverfolgungsbeh\u00f6rden im Falle eines Cyberangriffes die zur Strafverfolgung notwendigen Informationen bereitzustellen. Diese anonym erhobenen Daten und Informationen werden durch uns daher einerseits statistisch und ferner mit dem Ziel ausgewertet, den Datenschutz und die Datensicherheit in unserem Unternehmen zu erh\u00f6hen, um letztlich ein optimales Schutzniveau f\u00fcr die von uns verarbeiteten personenbezogenen Daten sicherzustellen. Die anonymen Daten der Server-Logfiles werden getrennt von allen durch eine betroffene Person angegebenen personenbezogenen Daten gespeichert.<\/p><h3>4.\u00a0\u00a0\u00a0 Kontaktm\u00f6glichkeit \u00fcber die Internetseite<\/h3><p>Unsere Internetseite enth\u00e4lt aufgrund von gesetzlichen Vorschriften Angaben, die eine schnelle elektronische Kontaktaufnahme zu unserem Unternehmen sowie eine unmittelbare Kommunikation mit uns erm\u00f6glichen, was ebenfalls eine allgemeine Adresse der sogenannten elektronischen Post (E-Mailadresse) umfasst.<\/p><p>4.1. Nutzung des Kontaktformulars<\/p><p>Bei der Nutzung des Kontaktformulars erheben wir Ihre personenbezogenen Daten<\/p><p>(Name, E-Mail-Adresse, Nachrichtentext, Telefonnummer) nur in dem von Ihnen zur Verf\u00fcgung gestellten Umfang. Die Datenverarbeitung dient dem Zweck der Kontaktaufnahme. Die Verarbeitung erfolgt auf Grundlage des Art. 6 Abs. 1 lit. f DS-GVO.<\/p><p>Ihre E-Mail-Adresse nutzen wir nur zur Bearbeitung Ihrer Anfrage. Ihre Daten werden gel\u00f6scht, sobald sie f\u00fcr die Erreichung des Zweckes ihrer Erhebung nicht mehr erforderlich sind. Das ist in der Regel dann der Fall, wenn sich aus den Umst\u00e4nden entnehmen l\u00e4sst, dass der betroffene Sachverhalt abschlie\u00dfend gekl\u00e4rt ist.<\/p><p>4.2. E-Mail Kontakt<\/p><p>Nehmen Sie per E-Mail Kontakt mit uns auf, verwenden wir Ihre personenbezogenen Daten (Name, E-Mail-Adresse, Nachrichtentext) nur, um mit Ihnen in Kontakt zu treten. Die Verarbeitung erfolgt auf Grundlage des Art. 6 Abs. 1 lit. f DS-GVO. Ihre E-Mail-Adresse nutzen wir nur zur Bearbeitung Ihrer Anfrage. Ihre Daten werden gel\u00f6scht, so-bald sie f\u00fcr die Erreichung des Zweckes ihrer Erhebung nicht mehr erforderlich sind. Das ist in der Regel dann der Fall, wenn sich aus den Umst\u00e4nden entnehmen l\u00e4sst, dass der betroffene Sachverhalt abschlie\u00dfend gekl\u00e4rt ist.<\/p><h3>5.\u00a0\u00a0\u00a0 Datenschutz bei Bewerbungen und im Bewerbungsverfahren<\/h3><p>Der f\u00fcr die Verarbeitung Verantwortliche erhebt und verarbeitet die personenbezogenen Daten von Bewerbern zum Zwecke der Abwicklung des Bewerbungsverfahrens. Die Verarbeitung kann auch auf elektronischem Wege erfolgen. Dies ist insbesondere dann der Fall, wenn ein Bewerber entsprechende Bewerbungsunterlagen auf dem elektronischen Wege, beispielsweise per E-Mail oder \u00fcber ein auf der Internetseite befindliches Webformular, an den f\u00fcr die Verarbeitung Verantwortlichen \u00fcbermittelt. Schlie\u00dft der f\u00fcr die Verarbeitung Verantwortliche einen Anstellungsvertrag mit einem Bewerber, werden die \u00fcbermittelten Daten zum Zwecke der Abwicklung des Besch\u00e4ftigungsverh\u00e4ltnisses unter Beachtung der gesetzlichen Vorschriften gespeichert. Wird von dem f\u00fcr die Verarbeitung Verantwortlichen kein Anstellungsvertrag mit dem Bewerber geschlossen, so werden die Bewerbungsunterlagen zwei Monate nach Bekanntgabe der Absageentscheidung automatisch gel\u00f6scht, sofern einer L\u00f6schung keine sonstigen berechtigten Interessen des f\u00fcr die Verarbeitung Verantwortlichen entgegenstehen. Sonstiges berechtigtes Interesse in diesem Sinne ist beispielsweise eine Beweispflicht in einem Verfahren nach dem Allgemeinen Gleichbehandlungsgesetz (AGG). Weitere Informationen zum Datenschutz bei Bewerbungen und Bewerbungsverfahren erhalten Sie in der Fu\u00dfzeile unserer Homepage unter \u201eBewerberinformation\u201c.<\/p><h3><span style=\"color: inherit; font-family: inherit; font-size: 1.75rem;\">6.\u00a0 \u00a0 Routinem\u00e4\u00dfige L\u00f6schung und Sperrung von personenbezogenen Daten<\/span><\/h3><p>Der f\u00fcr die Verarbeitung Verantwortliche verarbeitet und speichert personenbezogene Daten der betroffenen Person nur f\u00fcr den Zeitraum, der zur Erreichung des Speicherungszwecks erforderlich ist oder sofern dies durch den Europ\u00e4ischen Richtlinien- und Verordnungsgeber oder einen anderen Gesetzgeber in Gesetzen oder Vorschriften, welchen der f\u00fcr die Verarbeitung Verantwortliche unterliegt, vorgesehen wurde.<\/p><p>Entf\u00e4llt der Speicherungszweck oder l\u00e4uft eine vom Europ\u00e4ischen Richtlinien- und Verordnungsgeber oder einem anderen zust\u00e4ndigen Gesetzgeber vorgeschriebene Speicherfrist ab, werden die personenbezogenen Daten routinem\u00e4\u00dfig und entsprechend den gesetzlichen Vorschriften gesperrt oder gel\u00f6scht.<\/p><h3>7.\u00a0\u00a0\u00a0 Rechte der betroffenen Person<\/h3><h5><strong>a)\u00a0\u00a0 Recht auf Best\u00e4tigung<\/strong><\/h5><p>Jede betroffene Person hat das vom Europ\u00e4ischen Richtlinien- und Verordnungsgeber einger\u00e4umte Recht, von dem f\u00fcr die Verarbeitung Verantwortlichen eine Best\u00e4tigung dar\u00fcber zu verlangen, ob betreffende personenbezogene Daten verarbeitet werden. M\u00f6chte eine betroffene Person dieses Best\u00e4tigungsrecht in Anspruch nehmen, kann sie sich hierzu jederzeit an einen Mitarbeiter des f\u00fcr die Verarbeitung Verantwortlichen wenden.<\/p><h5><strong>b)\u00a0\u00a0 Recht auf Auskunft<\/strong><\/h5><p>Jede von der Verarbeitung personenbezogener Daten betroffene Person hat das vom Europ\u00e4ischen Richtlinien- und Verordnungsgeber gew\u00e4hrte Recht, jederzeit von dem f\u00fcr die Verarbeitung Verantwortlichen unentgeltliche Auskunft \u00fcber die zu seiner Person gespeicherten personenbezogenen Daten und eine Kopie dieser Auskunft zu erhalten.<\/p><h5><strong>c)\u00a0 Recht auf Berichtigung<\/strong><\/h5><p>Jede von der Verarbeitung personenbezogener Daten betroffene Person hat das vom Europ\u00e4ischen Richtlinien- und Verordnungsgeber gew\u00e4hrte Recht, die unverz\u00fcgliche Berichtigung sie betreffender unrichtiger personenbezogener Daten zu verlangen. Ferner steht der betroffenen Person das Recht zu, unter Ber\u00fccksichtigung der Zwecke der Verarbeitung, die Vervollst\u00e4ndigung unvollst\u00e4ndiger personenbezogener Daten \u2013 auch mittels einer erg\u00e4nzenden Erkl\u00e4rung \u2013 zu verlangen.<\/p><p>M\u00f6chte eine betroffene Person dieses Berichtigungsrecht in Anspruch nehmen, kann sie sich hierzu jederzeit an einen Mitarbeiter des f\u00fcr die Verarbeitung Verantwortlichen wenden.<\/p><h5><strong>d)\u00a0\u00a0 Recht auf L\u00f6schung (Recht auf Vergessen werden)<\/strong><\/h5><p>Jede von der Verarbeitung personenbezogener Daten betroffene Person hat das vom Europ\u00e4ischen Richtlinien- und Verordnungsgeber gew\u00e4hrte Recht, von dem f\u00fcr die Verarbeitung Verantwortlichen zu verlangen, dass die sie betreffenden personenbezogenen Daten unverz\u00fcglich gel\u00f6scht werden.,<\/p><h5><strong>e)\u00a0\u00a0 Recht auf Einschr\u00e4nkung der Verarbeitung<\/strong><\/h5><p>Jede von der Verarbeitung personenbezogener Daten betroffene Person hat das vom Europ\u00e4ischen Richtlinien- und Verordnungsgeber gew\u00e4hrte Recht, von dem Verantwortlichen die Einschr\u00e4nkung der Verarbeitung zu verlangen.,<\/p><h5><strong>f)\u00a0\u00a0\u00a0 Recht auf Daten\u00fcbertragbarkeit<\/strong><\/h5><p>Jede von der Verarbeitung personenbezogener Daten betroffene Person hat das vom Europ\u00e4ischen Richtlinien- und Verordnungsgeber gew\u00e4hrte Recht, die sie betreffenden personenbezogenen Daten, welche durch die betroffene Person einem Verantwortlichen bereitgestellt wurden, in einem strukturierten, g\u00e4ngigen und maschinenlesbaren Format zu erhalten.<\/p><h5><strong><u>g) Recht auf Widerspruch gem. Art. 21 und Werbewiderspruch<\/u><\/strong><\/h5><p><strong>Jede von der Verarbeitung personenbezogener Daten betroffene Person hat das vom\u00a0<\/strong><strong>Europ\u00e4ischen Richtlinien- und Verordnungsgeber gew\u00e4hrte Recht, aus Gr\u00fcnden, die sich aus ihrer besonderen Situation ergeben, jederzeit gegen die Verarbeitung sie betreffender\u00a0<\/strong><strong>personenbezogener Daten, die aufgrund von Art. 6 Abs. 1 Buchstaben e oder f DS-GVO\u00a0<\/strong><strong>erfolgt, Widerspruch einzulegen. Dies gilt auch f\u00fcr ein auf diese Bestimmungen gest\u00fctztes\u00a0<\/strong><strong>Profiling.<\/strong><\/p><p><strong>Verarbeiten wir personenbezogene Daten, um Direktwerbung zu betreiben, so hat die betroffene Person das Recht, jederzeit Widerspruch gegen die Verarbeitung der\u00a0<\/strong><strong>personenbezogenen Daten zum Zwecke derartiger Werbung einzulegen. Dies gilt auch f\u00fcr das Profiling, soweit es mit solcher Direktwerbung in Verbindung steht. Widerspricht die\u00a0<\/strong><strong>betroffene Person gegen\u00fcber DPM \u2013 Deutsches Personal Management GmbH der\u00a0<\/strong><strong>Verarbeitung f\u00fcr Zwecke der Direktwerbung, so werden wir die personenbezogenen Daten\u00a0<\/strong><strong>nicht mehr f\u00fcr diese Zwecke verarbeiten.<\/strong><\/p><h5><strong>h) Recht auf Widerruf einer datenschutzrechtlichen Einwilligung<\/strong><\/h5><p>Jede von der Verarbeitung personenbezogener Daten betroffene Person hat das vom Europ\u00e4ischen Richtlinien- und Verordnungsgeber gew\u00e4hrte Recht, eine Einwilligung zur Verarbeitung personenbezogener Daten jederzeit zu widerrufen.<\/p><h5><strong>i) Aus\u00fcbung Ihrer Betroffenenrechte<\/strong><\/h5><p>F\u00fcr die Aus\u00fcbung Ihrer Rechte reicht ein Schreiben auf dem Postweg an die oben genannte Adresse oder per E-Mail an die oben genannte Adresse oder an lf@folgis.de<a href=\"mailto:kontakt@deutsches-pm.de\">.<\/a><\/p><h5><strong>j) Automatisierte Entscheidungen im Einzelfall einschlie\u00dflich Profiling<\/strong><\/h5><p>Wir nutzen grunds\u00e4tzlich keine vollautomatisierte Entscheidungsfindung oder Profiling gem\u00e4\u00df Artikel 22 DS-GVO. Sollten wir diese Verfahren in Einzelf\u00e4llen einsetzen, werden wir Sie hier\u00fcber gesondert informieren, sofern dies gesetzlich vorgegeben ist.<\/p><h3>8.\u00a0\u00a0\u00a0 Datenschutzbestimmungen zu Einsatz und Verwendung von Google Analytics (mit Anonymisierungsfunktion)<\/h3><p>Der f\u00fcr die Verarbeitung Verantwortliche hat auf dieser Internetseite die Komponente Google Analytics (mit Anonymisierungsfunktion) integriert. Google Analytics ist ein Web- Analyse-Dienst. Web-Analyse ist die Erhebung, Sammlung und Auswertung von Daten \u00fcber das Verhalten von Besuchern von Internetseiten. Ein Web-Analyse-Dienst erfasst unter anderem Daten dar\u00fcber, von welcher Internetseite eine betroffene Person auf eine Internetseite gekommen ist (sogenannte Referrer), auf welche Unterseiten der Internetseite zugegriffen oder wie oft und f\u00fcr welche Verweildauer eine Unterseite betrachtet wurde.<\/p><p>Eine Web-Analyse wird \u00fcberwiegend zur Optimierung einer Internetseite und zur Kosten- Nutzen-Analyse von Internetwerbung eingesetzt.<\/p><p>Betreibergesellschaft der Google Analytics-Komponente ist die Google Inc., 1600 Amphitheatre Pkwy, Mountain View, CA 94043-1351, USA.<\/p><p>Der f\u00fcr die Verarbeitung Verantwortliche verwendet f\u00fcr die Web-Analyse \u00fcber Google Analytics den Zusatz \u201c_gat._anonymizeIp\u201d. Mittels dieses Zusatzes wird die IP-Adresse des Internetanschlusses der betroffenen Person von Google gek\u00fcrzt und anonymisiert, wenn der Zugriff auf unsere Internetseiten aus einem Mitgliedstaat der Europ\u00e4ischen Union oder aus einem anderen Vertragsstaat des Abkommens \u00fcber den Europ\u00e4ischen Wirtschaftsraum erfolgt.<\/p><p>Der Zweck der Google Analytics-Komponente ist die Analyse der Besucherstr\u00f6me auf unserer Internetseite. Google nutzt die gewonnenen Daten und Informationen unter anderem dazu, die Nutzung unserer Internetseite auszuwerten, um f\u00fcr uns Online-Reports, welche die Aktivit\u00e4ten auf unseren Internetseiten aufzeigen, zusammenzustellen und um weitere mit der Nutzung unserer Internetseite in Verbindung stehende Dienstleistungen zu erbringen.<\/p><p>Google Analytics setzt ein Cookie auf dem informationstechnologischen System der betroffenen Person. Was Cookies sind, wurde bereits erl\u00e4utert. Mit Setzung des Cookies wird Google eine Analyse der Benutzung unserer Internetseite erm\u00f6glicht. Durch jeden Aufruf einer der Einzelseiten dieser Internetseite, die durch den f\u00fcr die Verarbeitung Verantwortlichen betrieben wird und auf welcher eine Google Analytics-Komponente integriert wurde, wird der Internetbrowser auf dem informationstechnologischen System der betroffenen Person automatisch durch die jeweilige Google Analytics-Komponente veranlasst, Daten zum Zwecke der Online-Analyse an Google zu \u00fcbermitteln. Im Rahmen dieses technischen Verfahrens erh\u00e4lt Google Kenntnis \u00fcber personenbezogene Daten, wie der IP-Adresse der betroffenen Person, die Google unter anderem dazu dienen, die Herkunft der Besucher und Klicks nachzuvollziehen und in der Folge Provisionsabrechnungen zu erm\u00f6glichen.<\/p><p>Mittels des Cookies werden personenbezogene Informationen, beispielsweise die Zugriffszeit, der Ort, von welchem ein Zugriff ausging und die H\u00e4ufigkeit der Besuche unserer Internetseite durch die betroffene Person, gespeichert. Bei jedem Besuch unserer Internetseiten werden diese personenbezogenen Daten, einschlie\u00dflich der IP-Adresse des von der betroffenen Person genutzten Internetanschlusses, an Google in den Vereinigten Staaten von Amerika \u00fcbertragen. Diese personenbezogenen Daten werden durch Google in den Vereinigten Staaten von Amerika gespeichert. Google gibt diese \u00fcber das technische Verfahren erhobenen personenbezogenen Daten unter Umst\u00e4nden an Dritte weiter.<\/p><p>Die betroffene Person kann die Setzung von Cookies durch unsere Internetseite, wie oben bereits dargestellt, jederzeit mittels einer entsprechenden Einstellung des genutzten Internetbrowsers verhindern und damit der Setzung von Cookies dauerhaft widersprechen. Eine solche Einstellung des genutzten Internetbrowsers w\u00fcrde auch verhindern, dass Google ein Cookie auf dem informationstechnologischen System der betroffenen Person setzt.<\/p><p>Zudem kann ein von Google Analytics bereits gesetzter Cookie jederzeit \u00fcber den Internetbrowser oder andere Softwareprogramme gel\u00f6scht werden.<\/p><p>Ferner besteht f\u00fcr die betroffene Person die M\u00f6glichkeit, einer Erfassung der durch Google Analytics erzeugten, auf eine Nutzung dieser Internetseite bezogenen Daten sowie der Verarbeitung dieser Daten durch Google zu widersprechen und eine solche zu verhindern. Hierzu muss die betroffene Person ein Browser-Add-On unter dem<\/p><p>Link\u00a0<u>tools.google.com\/dlpage\/gaoptout<\/u>\u00a0herunterladen und installieren. Dieses Browser-Add- On teilt Google Analytics \u00fcber JavaScript mit, dass keine Daten und Informationen zu den Besuchen von Internetseiten an Google Analytics \u00fcbermittelt werden d\u00fcrfen. Die Installation des Browser-Add-Ons wird von Google als Widerspruch gewertet. Wird das informationstechnologische System der betroffenen Person zu einem sp\u00e4teren Zeitpunkt gel\u00f6scht, formatiert oder neu installiert, muss durch die betroffene Person eine erneute Installation des Browser-Add-Ons erfolgen, um Google Analytics zu deaktivieren. Sofern das Browser-Add-On durch die betroffene Person oder einer anderen Person, die ihrem Machtbereich zuzurechnen ist, deinstalliert oder deaktiviert wird, besteht die M\u00f6glichkeit der Neuinstallation oder der erneuten Aktivierung des Browser-Add-Ons.<\/p><p>Weitere Informationen und die geltenden Datenschutzbestimmungen von Google k\u00f6nnen unter\u00a0<a href=\"http:\/\/www.google.de\/intl\/de\/policies\/privacy\/\">www.google.de\/intl\/de\/policies\/privacy\/\u00a0<\/a>und unter\u00a0<a href=\"http:\/\/www.google.com\/analytics\/terms\/de.html\">www.google.com\/analytics\/terms\/de.html\u00a0<\/a>abgerufen werden. Google Analytics wird unter diesem Link\u00a0<a href=\"http:\/\/www.google.com\/intl\/de_de\/analytics\/\">www.google.com\/intl\/de_de\/analytics\/\u00a0<\/a>genauer erl\u00e4utert.<\/p><h5><strong><span class=\"\">8a) Google Tag Manager<\/span><\/strong><\/h5><div class=\"\"><div class=\"\"><div class=\"\"><p class=\"\">Diese Webseite verwendet Google Tag Manager, eine cookielose Domain die keine personenbezogenen Daten erfasst.<\/p><p class=\"\">Durch dieses Tool k\u00f6nnen \u201cWebsite-Tags\u201d (d.h. Schlagw\u00f6rter, welche in HTML Elemente eingebunden werden) implementiert und \u00fcber eine Oberfl\u00e4che verwaltet werden. Durch den Einsatz des Google Tag Manager k\u00f6nnen wir automatisiert nachvollziehen, welchen Button, Link oder welches personalisierte Bild Sie aktiv angeklickt haben und k\u00f6nnen sodann festhalten, welche Inhalte unserer Webseite f\u00fcr Sie besonders interessant sind.<\/p><p class=\"\">Das Tool sorgt zudem f\u00fcr die Ausl\u00f6sung anderer Tags, die ihrerseits unter Umst\u00e4nden Daten erfassen. Google Tag Manager greift nicht auf diese Daten zu. Wenn Sie auf Domain- oder Cookie-Ebene eine Deaktivierung vorgenommen haben, bleibt diese f\u00fcr alle Tracking-Tags bestehen, die mit Google Tag Manager implementiert werden.<\/p><p class=\"\">Die Nutzung von Google tag Manager erfolgt im Interesse einer komfortablen und einfachen Nutzung unserer Internetseite. Dies stellt ein berechtigtes Interesse im Sinne von Art. 6 Abs. 1 lit. f DS-GVO dar.<\/p><\/div><\/div><\/div><h3>9.\u00a0\u00a0\u00a0 Google Fonts<\/h3><p>Zur optisch verbesserten Darstellung verschiedener Informationen auf dieser Website werden Google Webfonts (<a href=\"http:\/\/www.google.com\/webfonts\/)\">http:\/\/www.google.com\/webfonts\/)\u00a0<\/a>verwendet. Die Webfonts werden dabei beim Aufruf der Seite in den Cache des Browsers \u00fcbertragen, um sie f\u00fcr die Darstellung nutzen zu k\u00f6nnen. Hierdurch erlangt Google Kenntnis dar\u00fcber, dass \u00fcber Ihre IP-Adresse diese Website aufgerufen wurde. Die Nutzung von Google Web Fonts erfolgt im Interesse einer einheitlichen und ansprechenden Darstellung unserer Online-Angebote. Dies stellt ein berechtigtes Interesse im Sinne von Art. 6 Abs. 1 lit. f DSGVO dar.<\/p><p>Wenn Ihr Browser Web Fonts nicht unterst\u00fctzt, wird eine Standardschrift von Ihrem Computer genutzt.<\/p><p>Informationen zu den Datenschutzbedingungen von Google Webfonts erhalten Sie unter:\u00a0<u>https:\/\/developers.google.com\/fonts\/faqPrivacy<br \/><\/u>Allgemeine Informationen zum Datenschutz sind im Google Privacy Center abrufbar unter:\u00a0<a href=\"http:\/\/www.google.com\/intl\/de-DE\/privacy\/\">http:\/\/www.google.com\/intl\/de-DE\/privacy\/<\/a><\/p><h3>10.\u00a0\u00a0\u00a0 Dauer, f\u00fcr die die personenbezogenen Daten gespeichert werden<\/h3><p>Das Kriterium f\u00fcr die Dauer der Speicherung von personenbezogenen Daten ist die jeweilige gesetzliche Aufbewahrungsfrist. Nach Ablauf der Frist werden die entsprechenden Daten routinem\u00e4\u00dfig gel\u00f6scht, sofern sie nicht mehr zur Vertragserf\u00fcllung oder Vertragsanbahnung erforderlich sind.<\/p><h3>11.\u00a0\u00a0\u00a0 Gesetzliche oder vertragliche Vorschriften zur Bereitstellung der personenbezogenen Daten<\/h3><p>Wir kl\u00e4ren Sie dar\u00fcber auf, dass die Bereitstellung personenbezogener Daten zum Teil gesetzlich vorgeschrieben ist (z.B. Steuervorschriften) oder sich auch aus vertraglichen Regelungen (z.B. Angaben zum Vertragspartner) ergeben kann. Mitunter kann es zu einem Vertragsschluss erforderlich sein, dass eine betroffene Person uns personenbezogene Daten zur Verf\u00fcgung stellt, die in der Folge durch uns verarbeitet werden m\u00fcssen. Die betroffene Person ist beispielsweise verpflichtet uns personenbezogene Daten bereitzustellen, wenn unser Unternehmen mit ihr einen Vertrag abschlie\u00dft. Eine Nichtbereitstellung der personenbezogenen Daten h\u00e4tte zur Folge, dass der Vertrag mit dem Betroffenen nicht geschlossen werden k\u00f6nnte. Vor einer Bereitstellung personenbezogener Daten durch den Betroffenen muss sich der Betroffene an einen unserer Mitarbeiter wenden. Unser Mitarbeiter kl\u00e4rt den Betroffenen einzelfallbezogen dar\u00fcber auf, ob die Bereitstellung der personenbezogenen Daten gesetzlich oder vertraglich vorgeschrieben oder f\u00fcr den Vertragsabschluss erforderlich ist, ob eine Verpflichtung besteht, die personenbezogenen Daten bereitzustellen, und welche Folgen die Nichtbereitstellung der personenbezogenen Daten h\u00e4tte.<\/p><h3>12.\u00a0\u00a0\u00a0 \u00dcbermittlung Ihrer Daten in ein Drittland<\/h3><p>Wir \u00fcbermitteln keine Daten an Stellen au\u00dferhalb der EU (sog. Drittstaaten).<\/p><h3>13.\u00a0\u00a0\u00a0 Stand der Datenschutzerkl\u00e4rung<\/h3><p>Diese Datenschutzerkl\u00e4rung ist aktuell g\u00fcltig und hat den Stand Januar 2020.<\/p><\/div>\t\t\t\t\t<\/div>\n\t\t\t\t\t\t<\/div>\n\t\t\t\t<\/div>\n\t\t\t\t\t\t<\/div>\n\t\t\t\t\t<\/div>\n\t\t<\/div>\n\t\t\t\t\t\t\t\t<\/div>\n\t\t\t\t\t<\/div>\n\t\t<\/section>\n\t\t\t\t\t\t<\/div>\n\t\t\t\t\t\t<\/div>\n\t\t\t\t\t<\/div>\n\t\t","protected":false},"excerpt":{"rendered":"<p>Datenschutzerkl\u00e4rung Herzlich Willkommen!\u00a0 Wir freuen uns, dass Sie unsere Website besuchen und bedanken uns f\u00fcr Ihr Interesse an unserem Unternehmen. Es ist uns sehr wichtig, verantwortungsvoll mit Ihren pers\u00f6nlichen Daten umzugehen. Die Beachtung der Datenschutzbestimmungen bei der Verwendung Ihrer personenbezogenen Daten ist f\u00fcr uns daher eine Selbstverst\u00e4ndlichkeit. Wir wollen, dass Ihr Besuch auf unserer Website [&hellip;]<\/p>\n","protected":false},"author":1,"featured_media":0,"parent":0,"menu_order":0,"comment_status":"closed","ping_status":"closed","template":"elementor_header_footer","meta":[],"yoast_head":"<!-- This site is optimized with the Yoast SEO plugin v17.8 - https:\/\/yoast.com\/wordpress\/plugins\/seo\/ -->\n<title>Datenschutz - Alltagsentlastung ab Pflegestufe 1<\/title>\n<meta name=\"robots\" content=\"index, follow, max-snippet:-1, max-image-preview:large, max-video-preview:-1\" \/>\n<link rel=\"canonical\" href=\"http:\/\/jobs.alltagsentlastung24.de\/job\/datenschutz\/\" \/>\n<meta property=\"og:locale\" content=\"de_DE\" \/>\n<meta property=\"og:type\" content=\"article\" \/>\n<meta property=\"og:title\" content=\"Datenschutz - Alltagsentlastung ab Pflegestufe 1\" \/>\n<meta property=\"og:description\" content=\"Datenschutzerkl\u00e4rung Herzlich Willkommen!\u00a0 Wir freuen uns, dass Sie unsere Website besuchen und bedanken uns f\u00fcr Ihr Interesse an unserem Unternehmen. Es ist uns sehr wichtig, verantwortungsvoll mit Ihren pers\u00f6nlichen Daten umzugehen. Die Beachtung der Datenschutzbestimmungen bei der Verwendung Ihrer personenbezogenen Daten ist f\u00fcr uns daher eine Selbstverst\u00e4ndlichkeit. Wir wollen, dass Ihr Besuch auf unserer Website [&hellip;]\" \/>\n<meta property=\"og:url\" content=\"http:\/\/jobs.alltagsentlastung24.de\/job\/datenschutz\/\" \/>\n<meta property=\"og:site_name\" content=\"Alltagsentlastung ab Pflegestufe 1\" \/>\n<meta property=\"article:modified_time\" content=\"2020-01-24T13:06:00+00:00\" \/>\n<meta name=\"twitter:card\" content=\"summary_large_image\" \/>\n<meta name=\"twitter:label1\" content=\"Gesch\u00e4tzte Lesezeit\" \/>\n\t<meta name=\"twitter:data1\" content=\"16 Minuten\" \/>\n<script type=\"application\/ld+json\" class=\"yoast-schema-graph\">{\"@context\":\"https:\/\/schema.org\",\"@graph\":[{\"@type\":\"WebSite\",\"@id\":\"http:\/\/jobs.alltagsentlastung24.de\/job\/#website\",\"url\":\"http:\/\/jobs.alltagsentlastung24.de\/job\/\",\"name\":\"Alltagsentlastung ab Pflegestufe 1\",\"description\":\"Wir sind rund um die Uhr f\\u00fcr Sie da.\",\"potentialAction\":[{\"@type\":\"SearchAction\",\"target\":{\"@type\":\"EntryPoint\",\"urlTemplate\":\"http:\/\/jobs.alltagsentlastung24.de\/job\/?s={search_term_string}\"},\"query-input\":\"required name=search_term_string\"}],\"inLanguage\":\"de-DE\"},{\"@type\":\"WebPage\",\"@id\":\"http:\/\/jobs.alltagsentlastung24.de\/job\/datenschutz\/#webpage\",\"url\":\"http:\/\/jobs.alltagsentlastung24.de\/job\/datenschutz\/\",\"name\":\"Datenschutz - Alltagsentlastung ab Pflegestufe 1\",\"isPartOf\":{\"@id\":\"http:\/\/jobs.alltagsentlastung24.de\/job\/#website\"},\"datePublished\":\"2019-12-16T12:39:01+00:00\",\"dateModified\":\"2020-01-24T13:06:00+00:00\",\"breadcrumb\":{\"@id\":\"http:\/\/jobs.alltagsentlastung24.de\/job\/datenschutz\/#breadcrumb\"},\"inLanguage\":\"de-DE\",\"potentialAction\":[{\"@type\":\"ReadAction\",\"target\":[\"http:\/\/jobs.alltagsentlastung24.de\/job\/datenschutz\/\"]}]},{\"@type\":\"BreadcrumbList\",\"@id\":\"http:\/\/jobs.alltagsentlastung24.de\/job\/datenschutz\/#breadcrumb\",\"itemListElement\":[{\"@type\":\"ListItem\",\"position\":1,\"name\":\"Startseite\",\"item\":\"http:\/\/jobs.alltagsentlastung24.de\/job\/\"},{\"@type\":\"ListItem\",\"position\":2,\"name\":\"Datenschutz\"}]}]}<\/script>\n<!-- \/ Yoast SEO plugin. -->","yoast_head_json":{"title":"Datenschutz - Alltagsentlastung ab Pflegestufe 1","robots":{"index":"index","follow":"follow","max-snippet":"max-snippet:-1","max-image-preview":"max-image-preview:large","max-video-preview":"max-video-preview:-1"},"canonical":"http:\/\/jobs.alltagsentlastung24.de\/job\/datenschutz\/","og_locale":"de_DE","og_type":"article","og_title":"Datenschutz - Alltagsentlastung ab Pflegestufe 1","og_description":"Datenschutzerkl\u00e4rung Herzlich Willkommen!\u00a0 Wir freuen uns, dass Sie unsere Website besuchen und bedanken uns f\u00fcr Ihr Interesse an unserem Unternehmen. Es ist uns sehr wichtig, verantwortungsvoll mit Ihren pers\u00f6nlichen Daten umzugehen. Die Beachtung der Datenschutzbestimmungen bei der Verwendung Ihrer personenbezogenen Daten ist f\u00fcr uns daher eine Selbstverst\u00e4ndlichkeit. Wir wollen, dass Ihr Besuch auf unserer Website [&hellip;]","og_url":"http:\/\/jobs.alltagsentlastung24.de\/job\/datenschutz\/","og_site_name":"Alltagsentlastung ab Pflegestufe 1","article_modified_time":"2020-01-24T13:06:00+00:00","twitter_card":"summary_large_image","twitter_misc":{"Gesch\u00e4tzte Lesezeit":"16 Minuten"},"schema":{"@context":"https:\/\/schema.org","@graph":[{"@type":"WebSite","@id":"http:\/\/jobs.alltagsentlastung24.de\/job\/#website","url":"http:\/\/jobs.alltagsentlastung24.de\/job\/","name":"Alltagsentlastung ab Pflegestufe 1","description":"Wir sind rund um die Uhr f\u00fcr Sie da.","potentialAction":[{"@type":"SearchAction","target":{"@type":"EntryPoint","urlTemplate":"http:\/\/jobs.alltagsentlastung24.de\/job\/?s={search_term_string}"},"query-input":"required name=search_term_string"}],"inLanguage":"de-DE"},{"@type":"WebPage","@id":"http:\/\/jobs.alltagsentlastung24.de\/job\/datenschutz\/#webpage","url":"http:\/\/jobs.alltagsentlastung24.de\/job\/datenschutz\/","name":"Datenschutz - Alltagsentlastung ab Pflegestufe 1","isPartOf":{"@id":"http:\/\/jobs.alltagsentlastung24.de\/job\/#website"},"datePublished":"2019-12-16T12:39:01+00:00","dateModified":"2020-01-24T13:06:00+00:00","breadcrumb":{"@id":"http:\/\/jobs.alltagsentlastung24.de\/job\/datenschutz\/#breadcrumb"},"inLanguage":"de-DE","potentialAction":[{"@type":"ReadAction","target":["http:\/\/jobs.alltagsentlastung24.de\/job\/datenschutz\/"]}]},{"@type":"BreadcrumbList","@id":"http:\/\/jobs.alltagsentlastung24.de\/job\/datenschutz\/#breadcrumb","itemListElement":[{"@type":"ListItem","position":1,"name":"Startseite","item":"http:\/\/jobs.alltagsentlastung24.de\/job\/"},{"@type":"ListItem","position":2,"name":"Datenschutz"}]}]}},"_links":{"self":[{"href":"http:\/\/jobs.alltagsentlastung24.de\/job\/wp-json\/wp\/v2\/pages\/607"}],"collection":[{"href":"http:\/\/jobs.alltagsentlastung24.de\/job\/wp-json\/wp\/v2\/pages"}],"about":[{"href":"http:\/\/jobs.alltagsentlastung24.de\/job\/wp-json\/wp\/v2\/types\/page"}],"author":[{"embeddable":true,"href":"http:\/\/jobs.alltagsentlastung24.de\/job\/wp-json\/wp\/v2\/users\/1"}],"replies":[{"embeddable":true,"href":"http:\/\/jobs.alltagsentlastung24.de\/job\/wp-json\/wp\/v2\/comments?post=607"}],"version-history":[{"count":21,"href":"http:\/\/jobs.alltagsentlastung24.de\/job\/wp-json\/wp\/v2\/pages\/607\/revisions"}],"predecessor-version":[{"id":1111,"href":"http:\/\/jobs.alltagsentlastung24.de\/job\/wp-json\/wp\/v2\/pages\/607\/revisions\/1111"}],"wp:attachment":[{"href":"http:\/\/jobs.alltagsentlastung24.de\/job\/wp-json\/wp\/v2\/media?parent=607"}],"curies":[{"name":"wp","href":"https:\/\/api.w.org\/{rel}","templated":true}]}}